{"id":34,"date":"2020-03-21T14:35:20","date_gmt":"2020-03-21T14:35:20","guid":{"rendered":"https:\/\/www.lagrandeourcq.org\/site\/?page_id=34"},"modified":"2026-04-10T11:07:07","modified_gmt":"2026-04-10T09:07:07","slug":"actualites","status":"publish","type":"page","link":"https:\/\/www.lagrandeourcq.org\/site\/actualites\/","title":{"rendered":"Actualit\u00e9s"},"content":{"rendered":"<div class=\"wp-block-image\">\n<figure class=\"aligncenter size-large\"><img loading=\"lazy\" decoding=\"async\" width=\"724\" height=\"1024\" src=\"https:\/\/www.lagrandeourcq.org\/site\/wp-content\/uploads\/2026\/04\/AFFICHE-Vente-aux-encheres-REFER-120426-IMPRESSION-724x1024.jpg\" alt=\"\" class=\"wp-image-2403\" srcset=\"https:\/\/www.lagrandeourcq.org\/site\/wp-content\/uploads\/2026\/04\/AFFICHE-Vente-aux-encheres-REFER-120426-IMPRESSION-724x1024.jpg 724w, https:\/\/www.lagrandeourcq.org\/site\/wp-content\/uploads\/2026\/04\/AFFICHE-Vente-aux-encheres-REFER-120426-IMPRESSION-212x300.jpg 212w, https:\/\/www.lagrandeourcq.org\/site\/wp-content\/uploads\/2026\/04\/AFFICHE-Vente-aux-encheres-REFER-120426-IMPRESSION-768x1086.jpg 768w, https:\/\/www.lagrandeourcq.org\/site\/wp-content\/uploads\/2026\/04\/AFFICHE-Vente-aux-encheres-REFER-120426-IMPRESSION-1086x1536.jpg 1086w, https:\/\/www.lagrandeourcq.org\/site\/wp-content\/uploads\/2026\/04\/AFFICHE-Vente-aux-encheres-REFER-120426-IMPRESSION.jpg 1190w\" sizes=\"auto, (max-width: 724px) 100vw, 724px\" \/><\/figure><\/div>\n\n\n<div class=\"wp-block-group\"><div class=\"wp-block-group__inner-container is-layout-constrained wp-block-group-is-layout-constrained\">\n<h5 class=\"wp-block-heading has-text-align-center\"><br>Pr\u00eats pour la chasse aux tr\u00e9sors ?<\/h5>\n\n\n\n<p class=\"has-text-align-center\">La grande vente aux ench\u00e8res du <strong>12 avril<\/strong> approche \u00e0 grands pas!<br>Gr\u00e2ce \u00e0 la mobilisation de <strong>14 structures<\/strong> et au travail d&rsquo;expertise d&rsquo;Oxio, ce ne sont pas moins de <strong>140 p\u00e9pites<\/strong> qui n&rsquo;attendent que vous.<\/p>\n\n\n\n<p class=\"has-text-align-center\">\ud83d\udcd6 <strong>Le catalogue est officiellement en ligne!<\/strong> Parcourez-le d\u00e8s maintenant pour rep\u00e9rer vos futurs coups de c\u0153ur:<br>\ud83d\udc49 <a href=\"https:\/\/www.interencheres.com\/art-decoration\/vente-du-refer-672197?page=3\" target=\"_blank\" rel=\"noreferrer noopener\">Lien vers le catalogue Interencheres<\/a><\/p>\n\n\n\n<h6 class=\"wp-block-heading has-text-align-center\">Comment participer ?<\/h6>\n\n\n\n<p class=\"has-text-align-center\">C&rsquo;est vous qui choisissez, la vente est <strong>hybride<\/strong> :<br>&#8211; <strong>En ligne :<\/strong> confortablement install\u00e9 chez vous via le lien ci-dessus.<br>&#8211; <strong>En physique :<\/strong> \u00e0 la salle de vente d&rsquo;Oxio (59 rue des Rosiers, 93400 Saint-Ouen). <br>L&rsquo;entr\u00e9e est libre, sans inscription, dans la limite des places disponibles !<\/p>\n\n\n\n<p class=\"has-text-align-center\">La vente d\u00e9butera \u00e0 <strong>14h00<\/strong> !<br><strong>Soyez au rendez-vous !<\/strong><\/p>\n\n\n\n<hr class=\"wp-block-separator has-alpha-channel-opacity\" \/>\n<\/div><\/div>\n\n\n<div class=\"wp-block-image\">\n<figure class=\"aligncenter size-large\"><img loading=\"lazy\" decoding=\"async\" width=\"724\" height=\"1024\" src=\"https:\/\/www.lagrandeourcq.org\/site\/wp-content\/uploads\/2026\/01\/A4-BE-Quonserveatous-724x1024.jpg\" alt=\"\" class=\"wp-image-2379\" srcset=\"https:\/\/www.lagrandeourcq.org\/site\/wp-content\/uploads\/2026\/01\/A4-BE-Quonserveatous-724x1024.jpg 724w, https:\/\/www.lagrandeourcq.org\/site\/wp-content\/uploads\/2026\/01\/A4-BE-Quonserveatous-212x300.jpg 212w, https:\/\/www.lagrandeourcq.org\/site\/wp-content\/uploads\/2026\/01\/A4-BE-Quonserveatous-768x1086.jpg 768w, https:\/\/www.lagrandeourcq.org\/site\/wp-content\/uploads\/2026\/01\/A4-BE-Quonserveatous-1086x1536.jpg 1086w, https:\/\/www.lagrandeourcq.org\/site\/wp-content\/uploads\/2026\/01\/A4-BE-Quonserveatous.jpg 1414w\" sizes=\"auto, (max-width: 724px) 100vw, 724px\" \/><\/figure><\/div>\n\n\n<p class=\"has-text-align-center\">SURPRISE! \ud83c\udf89<\/p>\n\n\n\n<p class=\"has-text-align-center\">La Grande Ourcq a beau \u00eatre ferm\u00e9e avenue Gaston Roussel, <br>nous nous d\u00e9localisons pour une boutique \u00e9ph\u00e9m\u00e8re, <br>les mercredis et samedis du mois de janvier, <br>au QuonServeATous (Ancien Conservatoire de Musique) de Noisy-le-sec.<\/p>\n\n\n\n<p class=\"has-text-align-center\">Vous y retrouverez une belle s\u00e9lection d&rsquo;objets (jouets, pu\u00e9riculture, d\u00e9co, vaisselle, \u00e9lectro, &#8230;) <br>et de textile (v\u00eatements et accessoires) de seconde main, \u00e0 prix solidaires \u267b.<\/p>\n\n\n\n<p class=\"has-text-align-center\">&#8211; Rendez-vous du 14 au 31 janvier<br>&#8211; de 10h \u00e0 19h<br>&#8211; au 63 rue Jean Jaur\u00e8s \/ Noisy-le-sec<\/p>\n\n\n\n<p class=\"has-text-align-center\">\u00c0 vite ! \ud83e\udd17<\/p>\n\n\n\n<hr class=\"wp-block-separator has-alpha-channel-opacity\" \/>\n\n\n<div class=\"wp-block-image\">\n<figure class=\"aligncenter size-large\"><img loading=\"lazy\" decoding=\"async\" width=\"724\" height=\"1024\" src=\"https:\/\/www.lagrandeourcq.org\/site\/wp-content\/uploads\/2026\/01\/affiche-fermeture-hivernale-724x1024.jpg\" alt=\"\" class=\"wp-image-2377\" srcset=\"https:\/\/www.lagrandeourcq.org\/site\/wp-content\/uploads\/2026\/01\/affiche-fermeture-hivernale-724x1024.jpg 724w, https:\/\/www.lagrandeourcq.org\/site\/wp-content\/uploads\/2026\/01\/affiche-fermeture-hivernale-212x300.jpg 212w, https:\/\/www.lagrandeourcq.org\/site\/wp-content\/uploads\/2026\/01\/affiche-fermeture-hivernale-768x1086.jpg 768w, https:\/\/www.lagrandeourcq.org\/site\/wp-content\/uploads\/2026\/01\/affiche-fermeture-hivernale-1086x1536.jpg 1086w, https:\/\/www.lagrandeourcq.org\/site\/wp-content\/uploads\/2026\/01\/affiche-fermeture-hivernale.jpg 1414w\" sizes=\"auto, (max-width: 724px) 100vw, 724px\" \/><\/figure><\/div>\n\n\n<hr class=\"wp-block-separator has-alpha-channel-opacity\" \/>\n\n\n<div class=\"wp-block-image\">\n<figure class=\"aligncenter size-large\"><img loading=\"lazy\" decoding=\"async\" width=\"724\" height=\"1024\" src=\"https:\/\/www.lagrandeourcq.org\/site\/wp-content\/uploads\/2025\/12\/marche-des-createurs-724x1024.jpg\" alt=\"\" class=\"wp-image-2370\" srcset=\"https:\/\/www.lagrandeourcq.org\/site\/wp-content\/uploads\/2025\/12\/marche-des-createurs-724x1024.jpg 724w, https:\/\/www.lagrandeourcq.org\/site\/wp-content\/uploads\/2025\/12\/marche-des-createurs-212x300.jpg 212w, https:\/\/www.lagrandeourcq.org\/site\/wp-content\/uploads\/2025\/12\/marche-des-createurs-768x1087.jpg 768w, https:\/\/www.lagrandeourcq.org\/site\/wp-content\/uploads\/2025\/12\/marche-des-createurs.jpg 841w\" sizes=\"auto, (max-width: 724px) 100vw, 724px\" \/><\/figure><\/div>\n\n\n<p class=\"has-text-align-center\"><br>D\u00e8s samedi 13 d\u00e9cembre, La Grande Ourcq lance son march\u00e9 des cr\u00e9ateurs!<br><br>Venez d\u00e9couvrir une s\u00e9lection de cr\u00e9ateurs locaux qui travaillent avec passion, savoir-faire et cr\u00e9ativit\u00e9.<br>Pi\u00e8ces uniques, fait-main, upcycling, petites s\u00e9ries\u2026 c\u2019est l\u2019occasion id\u00e9ale de soutenir l\u2019artisanat.<br><br>Au programme:<br>Print, c\u00e9ramique, bijoux, gravure, cr\u00e9ation textile, crochet et tapisserie.<br><br>Vous pourrez rencontrer les cr\u00e9ateur le samedi 13, et retrouv\u00e9 leurs cr\u00e9ation jusqu&rsquo;au 20 d\u00e9cembre en boutique.<br><\/p>\n\n\n\n<hr class=\"wp-block-separator has-alpha-channel-opacity\" \/>\n\n\n<div class=\"wp-block-image\">\n<figure class=\"aligncenter size-large\"><img loading=\"lazy\" decoding=\"async\" width=\"724\" height=\"1024\" src=\"https:\/\/www.lagrandeourcq.org\/site\/wp-content\/uploads\/2025\/12\/Tombola-de-Noel-LGO-1-724x1024.jpg\" alt=\"\" class=\"wp-image-2354\" srcset=\"https:\/\/www.lagrandeourcq.org\/site\/wp-content\/uploads\/2025\/12\/Tombola-de-Noel-LGO-1-724x1024.jpg 724w, https:\/\/www.lagrandeourcq.org\/site\/wp-content\/uploads\/2025\/12\/Tombola-de-Noel-LGO-1-212x300.jpg 212w, https:\/\/www.lagrandeourcq.org\/site\/wp-content\/uploads\/2025\/12\/Tombola-de-Noel-LGO-1-768x1086.jpg 768w, https:\/\/www.lagrandeourcq.org\/site\/wp-content\/uploads\/2025\/12\/Tombola-de-Noel-LGO-1-1086x1536.jpg 1086w, https:\/\/www.lagrandeourcq.org\/site\/wp-content\/uploads\/2025\/12\/Tombola-de-Noel-LGO-1.jpg 1414w\" sizes=\"auto, (max-width: 724px) 100vw, 724px\" \/><\/figure><\/div>\n\n\n<p class=\"has-text-align-center\"><br>La Grande Ourcq c\u00e9l\u00e8bre les f\u00eates de fin d&rsquo;ann\u00e9e du 3 au 20 d\u00e9cembre \u2603\ufe0f, <br>et vous offre la possibilit\u00e9 de gagner de nombreux cadeaux, gr\u00e2ce \u00e0 sa Tombola \ud83c\udfab !<br> <\/p>\n\n\n\n<p class=\"has-text-align-center\">Plusieurs lots \u00e0 gagner pour les petits et les grands!<br><br><strong>Prix Adultes:<br><\/strong>&#8211; N\u00b01 Robot P\u00e2tissier et ses accessoires \ud83e\uddc1<br>&#8211; N\u00b02 Bo\u00eete et kit d&rsquo;outils \ud83d\udee0\ud83e\uddf0<br>&#8211; N\u00b03 Bracelet (by Altesse) \ud83d\udcab<br><br><strong>Prix Enfants:<\/strong><br>&#8211; N\u00b01Bateau Pirates LEGO et ses accessoires \u26f5<br>&#8211; N\u00b02 Gros Nounours \ud83e\uddf8<br>&#8211; N\u00b03 Lot de BDs \u00ab\u00a0Mortelle Ad\u00e8le\u00a0\u00bb \ud83d\udcda<br><br><em><strong>Prix du ticket: 2\u20ac<\/strong><\/em> &#8211; <em><strong>La Participation se fait en boutique <\/strong><\/em><br><em><strong><em><strong>ou en ligne, ici:<\/strong><\/em><\/strong><\/em><em><strong> <\/strong><\/em><a href=\"https:\/\/www.helloasso.com\/associations\/la-grande-ourcq\/evenements\/tombola-de-noel\" data-type=\"link\" data-id=\"https:\/\/www.helloasso.com\/associations\/la-grande-ourcq\/evenements\/tombola-de-noel\">https:\/\/www.helloasso.com\/associations\/la-grande-ourcq\/evenements\/tombola-de-noel<\/a><em><strong><br><\/strong><\/em><\/p>\n\n\n\n<hr class=\"wp-block-separator has-alpha-channel-opacity\" \/>\n\n\n\n<figure class=\"wp-block-gallery aligncenter has-nested-images columns-default is-cropped wp-block-gallery-1 is-layout-flex wp-block-gallery-is-layout-flex\"><div class=\"wp-block-image\">\n<figure class=\"aligncenter size-large\"><img loading=\"lazy\" decoding=\"async\" width=\"724\" height=\"1024\" data-id=\"2350\" src=\"https:\/\/www.lagrandeourcq.org\/site\/wp-content\/uploads\/2025\/12\/Affiche-NOEL-LGO-724x1024.jpg\" alt=\"\" class=\"wp-image-2350\" srcset=\"https:\/\/www.lagrandeourcq.org\/site\/wp-content\/uploads\/2025\/12\/Affiche-NOEL-LGO-724x1024.jpg 724w, https:\/\/www.lagrandeourcq.org\/site\/wp-content\/uploads\/2025\/12\/Affiche-NOEL-LGO-212x300.jpg 212w, https:\/\/www.lagrandeourcq.org\/site\/wp-content\/uploads\/2025\/12\/Affiche-NOEL-LGO-768x1086.jpg 768w, https:\/\/www.lagrandeourcq.org\/site\/wp-content\/uploads\/2025\/12\/Affiche-NOEL-LGO-1086x1536.jpg 1086w, https:\/\/www.lagrandeourcq.org\/site\/wp-content\/uploads\/2025\/12\/Affiche-NOEL-LGO.jpg 1414w\" sizes=\"auto, (max-width: 724px) 100vw, 724px\" \/><\/figure><\/div><\/figure>\n\n\n\n<p class=\"has-text-align-center\"><br>Venez pr\u00e9parer et c\u00e9l\u00e9brer les f\u00eates de fin d&rsquo;ann\u00e9e \u00e0 La Grande Ourcq \u2603\ufe0f<br><br><strong>Ventes de No\u00ebl du 3 au 20 d\u00e9cembre \ud83c\udf85\ud83e\udd36<\/strong><br>Pulls moches et autres tenues de f\u00eates \ud83e\udd73, D\u00e9corations \ud83c\udf84, Id\u00e9es cadeaux de seconde main \ud83c\udf81<br><br>Les <strong>3, 10 et 17 d\u00e9cembre Ateliers parents-enfants de menuiserie \ud83d\udd28 et couture\ud83e\uddf5<\/strong><br>(Inscriptions sur HelloAsso, lien: <a href=\"https:\/\/www.helloasso.com\/associations\/la-grande-ourcq\">https:\/\/www.helloasso.com\/associations\/la-grande-ourcq<\/a> )<br><br>Et surtout le <strong>samedi 13 d\u00e9cembre \u2728\ufe0fGrande boutique de No\u00ebl! \u2728\ufe0f<\/strong><br>Au programme:<br>&#8211; \ud83d\udecd March\u00e9 de cr\u00e9ateurs<br>&#8211; \ud83c\udfab Tombola pour les petits et les grands (plusieurs lots \u00e0 gagner)<br>&#8211; \ud83c\udf6a\u2615\ufe0f Stand de restauration<\/p>\n\n\n\n<p class=\"has-text-align-center\">On vous attend nombreux pour ce mois merveilleux!<\/p>\n\n\n\n<hr class=\"wp-block-separator has-alpha-channel-opacity\" \/>\n\n\n<div class=\"wp-block-image\">\n<figure class=\"aligncenter size-large\"><img loading=\"lazy\" decoding=\"async\" width=\"819\" height=\"1024\" src=\"https:\/\/www.lagrandeourcq.org\/site\/wp-content\/uploads\/2025\/11\/LGO-PAVILLONPublication-Instagram-45-819x1024.jpg\" alt=\"\" class=\"wp-image-2320\" srcset=\"https:\/\/www.lagrandeourcq.org\/site\/wp-content\/uploads\/2025\/11\/LGO-PAVILLONPublication-Instagram-45-819x1024.jpg 819w, https:\/\/www.lagrandeourcq.org\/site\/wp-content\/uploads\/2025\/11\/LGO-PAVILLONPublication-Instagram-45-240x300.jpg 240w, https:\/\/www.lagrandeourcq.org\/site\/wp-content\/uploads\/2025\/11\/LGO-PAVILLONPublication-Instagram-45-768x960.jpg 768w, https:\/\/www.lagrandeourcq.org\/site\/wp-content\/uploads\/2025\/11\/LGO-PAVILLONPublication-Instagram-45-1229x1536.jpg 1229w, https:\/\/www.lagrandeourcq.org\/site\/wp-content\/uploads\/2025\/11\/LGO-PAVILLONPublication-Instagram-45-1638x2048.jpg 1638w, https:\/\/www.lagrandeourcq.org\/site\/wp-content\/uploads\/2025\/11\/LGO-PAVILLONPublication-Instagram-45.jpg 1755w\" sizes=\"auto, (max-width: 819px) 100vw, 819px\" \/><\/figure><\/div>\n\n\n<p class=\"has-text-align-center\"><br>La Grande Ourcq s\u2019installe \u00e0 <strong>La Guinguette du Pavillon<\/strong> ! \ud83e\udd73<br>Venez retrouver notre boutique \u00e9ph\u00e9m\u00e8re et des ateliers couture du <strong>12 novembre au 15 novembre<\/strong>.<br><br><strong>Boutique \u00e9ph\u00e9m\u00e8re<\/strong> du mercredi au samedi, de 10h \u00e0 18h! (sauf jeudi 14h-18h)<br><br>2 <strong>ateliers couture<\/strong> de 1h30 le mercredi et le samedi, sur inscription:<br>&#8211; 14h\/15h30<br>&#8211; 16h\/17h30<br>Lien d\u2019inscription: <a href=\"https:\/\/www.helloasso.com\/associations\/la-grande-ourcq\">https:\/\/www.helloasso.com\/associations\/la-grande-ourcq<\/a><br><\/p>\n\n\n\n<hr class=\"wp-block-separator has-alpha-channel-opacity\" \/>\n\n\n\n<div class=\"wp-block-columns is-layout-flex wp-container-core-columns-is-layout-2 wp-block-columns-is-layout-flex\">\n<div class=\"wp-block-column is-layout-flow wp-block-column-is-layout-flow\" style=\"flex-basis:100%\">\n<div class=\"wp-block-group alignwide is-nowrap is-layout-flex wp-container-core-group-is-layout-2 wp-block-group-is-layout-flex\">\n<div class=\"wp-block-columns is-layout-flex wp-container-core-columns-is-layout-1 wp-block-columns-is-layout-flex\">\n<div class=\"wp-block-column is-layout-flow wp-block-column-is-layout-flow\" style=\"flex-basis:100%\">\n<figure class=\"wp-block-gallery aligncenter has-nested-images columns-default is-cropped wp-block-gallery-2 is-layout-flex wp-block-gallery-is-layout-flex\">\n<figure class=\"wp-block-image size-large\"><img loading=\"lazy\" decoding=\"async\" width=\"1024\" height=\"1024\" src=\"https:\/\/www.lagrandeourcq.org\/site\/wp-content\/uploads\/2025\/07\/1-1024x1024.jpg\" alt=\"\" class=\"wp-image-2305\" srcset=\"https:\/\/www.lagrandeourcq.org\/site\/wp-content\/uploads\/2025\/07\/1-1024x1024.jpg 1024w, https:\/\/www.lagrandeourcq.org\/site\/wp-content\/uploads\/2025\/07\/1-300x300.jpg 300w, https:\/\/www.lagrandeourcq.org\/site\/wp-content\/uploads\/2025\/07\/1-150x150.jpg 150w, https:\/\/www.lagrandeourcq.org\/site\/wp-content\/uploads\/2025\/07\/1-768x768.jpg 768w, https:\/\/www.lagrandeourcq.org\/site\/wp-content\/uploads\/2025\/07\/1.jpg 1080w\" sizes=\"auto, (max-width: 1024px) 100vw, 1024px\" \/><\/figure>\n\n\n\n<figure class=\"wp-block-image size-large\"><img loading=\"lazy\" decoding=\"async\" width=\"1024\" height=\"1024\" src=\"https:\/\/www.lagrandeourcq.org\/site\/wp-content\/uploads\/2025\/07\/2-1024x1024.jpg\" alt=\"\" class=\"wp-image-2307\" srcset=\"https:\/\/www.lagrandeourcq.org\/site\/wp-content\/uploads\/2025\/07\/2-1024x1024.jpg 1024w, https:\/\/www.lagrandeourcq.org\/site\/wp-content\/uploads\/2025\/07\/2-300x300.jpg 300w, https:\/\/www.lagrandeourcq.org\/site\/wp-content\/uploads\/2025\/07\/2-150x150.jpg 150w, https:\/\/www.lagrandeourcq.org\/site\/wp-content\/uploads\/2025\/07\/2-768x768.jpg 768w, https:\/\/www.lagrandeourcq.org\/site\/wp-content\/uploads\/2025\/07\/2.jpg 1080w\" sizes=\"auto, (max-width: 1024px) 100vw, 1024px\" \/><\/figure>\n\n\n\n<figure class=\"wp-block-image size-large\"><img loading=\"lazy\" decoding=\"async\" width=\"1024\" height=\"1024\" src=\"https:\/\/www.lagrandeourcq.org\/site\/wp-content\/uploads\/2025\/07\/3-1024x1024.jpg\" alt=\"\" class=\"wp-image-2308\" srcset=\"https:\/\/www.lagrandeourcq.org\/site\/wp-content\/uploads\/2025\/07\/3-1024x1024.jpg 1024w, https:\/\/www.lagrandeourcq.org\/site\/wp-content\/uploads\/2025\/07\/3-300x300.jpg 300w, https:\/\/www.lagrandeourcq.org\/site\/wp-content\/uploads\/2025\/07\/3-150x150.jpg 150w, https:\/\/www.lagrandeourcq.org\/site\/wp-content\/uploads\/2025\/07\/3-768x768.jpg 768w, https:\/\/www.lagrandeourcq.org\/site\/wp-content\/uploads\/2025\/07\/3.jpg 1080w\" sizes=\"auto, (max-width: 1024px) 100vw, 1024px\" \/><\/figure>\n\n\n\n<figure class=\"wp-block-image size-large\"><img loading=\"lazy\" decoding=\"async\" width=\"1024\" height=\"1024\" src=\"https:\/\/www.lagrandeourcq.org\/site\/wp-content\/uploads\/2025\/07\/4-1-1024x1024.jpg\" alt=\"\" class=\"wp-image-2311\" srcset=\"https:\/\/www.lagrandeourcq.org\/site\/wp-content\/uploads\/2025\/07\/4-1-1024x1024.jpg 1024w, https:\/\/www.lagrandeourcq.org\/site\/wp-content\/uploads\/2025\/07\/4-1-300x300.jpg 300w, https:\/\/www.lagrandeourcq.org\/site\/wp-content\/uploads\/2025\/07\/4-1-150x150.jpg 150w, https:\/\/www.lagrandeourcq.org\/site\/wp-content\/uploads\/2025\/07\/4-1-768x768.jpg 768w, https:\/\/www.lagrandeourcq.org\/site\/wp-content\/uploads\/2025\/07\/4-1.jpg 1080w\" sizes=\"auto, (max-width: 1024px) 100vw, 1024px\" \/><\/figure>\n\n\n\n<figure class=\"wp-block-image size-large\"><img loading=\"lazy\" decoding=\"async\" width=\"1024\" height=\"1024\" src=\"https:\/\/www.lagrandeourcq.org\/site\/wp-content\/uploads\/2025\/07\/5-1-1024x1024.jpg\" alt=\"\" class=\"wp-image-2312\" srcset=\"https:\/\/www.lagrandeourcq.org\/site\/wp-content\/uploads\/2025\/07\/5-1-1024x1024.jpg 1024w, https:\/\/www.lagrandeourcq.org\/site\/wp-content\/uploads\/2025\/07\/5-1-300x300.jpg 300w, https:\/\/www.lagrandeourcq.org\/site\/wp-content\/uploads\/2025\/07\/5-1-150x150.jpg 150w, https:\/\/www.lagrandeourcq.org\/site\/wp-content\/uploads\/2025\/07\/5-1-768x768.jpg 768w, https:\/\/www.lagrandeourcq.org\/site\/wp-content\/uploads\/2025\/07\/5-1.jpg 1080w\" sizes=\"auto, (max-width: 1024px) 100vw, 1024px\" \/><\/figure>\n<\/figure>\n<\/div>\n<\/div>\n<\/div>\n<\/div>\n<\/div>\n\n\n\n<p class=\"has-text-align-center\"><strong>FERMETURE ESTIVALE! \ud83c\udf1e<\/strong><\/p>\n\n\n\n<p class=\"has-text-align-center\">\u26a0\ufe0f La Ressourcerie sera ferm\u00e9e du <strong>21 juillet au 29 Ao\u00fbt<\/strong><\/p>\n\n\n\n<p class=\"has-text-align-center\"><br>&#8211; Derni\u00e8re COLLECTE: Mercredi 16 Juillet<br>&#8211; Derni\u00e8re BOUTIQUE: Samedi 19 Juillet (Braderie -50% sur toute la boutique)<\/p>\n\n\n\n<p class=\"has-text-align-center\">On se retrouve:<br>&#8211; le 30 Ao\u00fbt pour la r\u00e9ouverture de la boutique \ud83d\udcbc\ud83c\udf92\ud83d\udcda\ud83d\udd8d<br>&#8211; le 03 Septembre pour la r\u00e9ouverture de la collecte \ud83d\udce6<\/p>\n\n\n\n<p class=\"has-text-align-center\">BONNES VACANCES!<\/p>\n\n\n\n<hr class=\"wp-block-separator has-alpha-channel-opacity\" \/>\n\n\n<div class=\"wp-block-image\">\n<figure class=\"aligncenter size-large is-resized\"><img loading=\"lazy\" decoding=\"async\" width=\"1024\" height=\"1024\" src=\"https:\/\/www.lagrandeourcq.org\/site\/wp-content\/uploads\/2025\/07\/FERMETURE-canicule-1024x1024.jpg\" alt=\"\" class=\"wp-image-2301\" style=\"width:678px;height:auto\" srcset=\"https:\/\/www.lagrandeourcq.org\/site\/wp-content\/uploads\/2025\/07\/FERMETURE-canicule-1024x1024.jpg 1024w, https:\/\/www.lagrandeourcq.org\/site\/wp-content\/uploads\/2025\/07\/FERMETURE-canicule-300x300.jpg 300w, https:\/\/www.lagrandeourcq.org\/site\/wp-content\/uploads\/2025\/07\/FERMETURE-canicule-150x150.jpg 150w, https:\/\/www.lagrandeourcq.org\/site\/wp-content\/uploads\/2025\/07\/FERMETURE-canicule-768x768.jpg 768w, https:\/\/www.lagrandeourcq.org\/site\/wp-content\/uploads\/2025\/07\/FERMETURE-canicule.jpg 1080w\" sizes=\"auto, (max-width: 1024px) 100vw, 1024px\" \/><figcaption class=\"wp-element-caption\">Les fortes chaleurs impactent fortement notre travail, <br><strong>la collecte sera donc ferm\u00e9e le 2 juillet dans l&rsquo;apr\u00e8s-midi.<\/strong><br><br>\ud83d\udc49 On se retrouve en pleine forme pour la \ud83d\udecd\ufe0f Boutique : \u27a1\ufe0f Samedi 5 juillet (10h30-18h30)<br><br>Merci pour votre compr\u00e9hension \ud83d\udc9b On a h\u00e2te de vous retrouver ! \u00c0 tr\u00e8s vite \u2728<\/figcaption><\/figure><\/div>\n\n\n<hr class=\"wp-block-separator has-alpha-channel-opacity\" \/>\n\n\n<div class=\"wp-block-image\">\n<figure class=\"aligncenter size-large is-resized\"><img loading=\"lazy\" decoding=\"async\" width=\"1024\" height=\"1024\" src=\"https:\/\/www.lagrandeourcq.org\/site\/wp-content\/uploads\/2025\/06\/FERMETURE-EXCEPTIONNELLE-collecte-2506-1024x1024.jpg\" alt=\"\" class=\"wp-image-2296\" style=\"width:678px;height:auto\" srcset=\"https:\/\/www.lagrandeourcq.org\/site\/wp-content\/uploads\/2025\/06\/FERMETURE-EXCEPTIONNELLE-collecte-2506-1024x1024.jpg 1024w, https:\/\/www.lagrandeourcq.org\/site\/wp-content\/uploads\/2025\/06\/FERMETURE-EXCEPTIONNELLE-collecte-2506-300x300.jpg 300w, https:\/\/www.lagrandeourcq.org\/site\/wp-content\/uploads\/2025\/06\/FERMETURE-EXCEPTIONNELLE-collecte-2506-150x150.jpg 150w, https:\/\/www.lagrandeourcq.org\/site\/wp-content\/uploads\/2025\/06\/FERMETURE-EXCEPTIONNELLE-collecte-2506-768x768.jpg 768w, https:\/\/www.lagrandeourcq.org\/site\/wp-content\/uploads\/2025\/06\/FERMETURE-EXCEPTIONNELLE-collecte-2506.jpg 1080w\" sizes=\"auto, (max-width: 1024px) 100vw, 1024px\" \/><figcaption class=\"wp-element-caption\">Face \u00e0 des apports trop importants, <br><strong>la collecte sera ferm\u00e9e le 25 juin, afin de nous permettre de de tout trier.<\/strong><br><br>\ud83d\udc49 On se retrouve en pleine forme pour la \ud83d\udecd\ufe0f Boutique : \u27a1\ufe0f Samedi 28 juin (10h30-18h30)<br><br>Merci pour votre compr\u00e9hension \ud83d\udc9b On a h\u00e2te de vous retrouver ! \u00c0 tr\u00e8s vite \u2728<\/figcaption><\/figure><\/div>\n\n\n<hr class=\"wp-block-separator has-alpha-channel-opacity\" \/>\n\n\n<div class=\"wp-block-image\">\n<figure class=\"aligncenter size-large is-resized\"><img loading=\"lazy\" decoding=\"async\" width=\"1024\" height=\"1024\" src=\"https:\/\/www.lagrandeourcq.org\/site\/wp-content\/uploads\/2025\/06\/1-1024x1024.png\" alt=\"\" class=\"wp-image-2284\" style=\"width:628px;height:auto\" srcset=\"https:\/\/www.lagrandeourcq.org\/site\/wp-content\/uploads\/2025\/06\/1-1024x1024.png 1024w, https:\/\/www.lagrandeourcq.org\/site\/wp-content\/uploads\/2025\/06\/1-300x300.png 300w, https:\/\/www.lagrandeourcq.org\/site\/wp-content\/uploads\/2025\/06\/1-150x150.png 150w, https:\/\/www.lagrandeourcq.org\/site\/wp-content\/uploads\/2025\/06\/1-768x768.png 768w, https:\/\/www.lagrandeourcq.org\/site\/wp-content\/uploads\/2025\/06\/1.png 1080w\" sizes=\"auto, (max-width: 1024px) 100vw, 1024px\" \/><\/figure><\/div>\n\n\n<p class=\"has-text-align-center\">\u2728Nos ateliers de Juin sont l\u00e0 !\u2728<br><br>Plus de d\u00e9tails ici:<br>\ud83d\udc49 <a href=\"https:\/\/www.lagrandeourcq.org\/site\/ateliers-thematiques\/\">https:\/\/www.lagrandeourcq.org\/site\/ateliers-thematiques-a-venir\/<\/a><br>\ud83c\udf9f Les inscriptions se font en ligne l\u00e0:<br>\ud83d\udc49 <a href=\"https:\/\/www.helloasso.com\/associations\/la-grande-ourcq\">https:\/\/www.helloasso.com\/associations\/la-grande-ourcq<\/a><br><br>D\u00e9p\u00eachez-vous, les places sont limit\u00e9es !<br>On a h\u00e2te de te retrouver pour partager ces moments cr\u00e9atifs ensemble ! \u267b\ufe0f<\/p>\n\n\n\n<hr class=\"wp-block-separator has-alpha-channel-opacity\" \/>\n\n\n<div class=\"wp-block-image\">\n<figure class=\"aligncenter size-large is-resized\"><img loading=\"lazy\" decoding=\"async\" width=\"1024\" height=\"1024\" src=\"https:\/\/www.lagrandeourcq.org\/site\/wp-content\/uploads\/2025\/04\/FERMETURE-EXCEPTIONNELLE-1-1024x1024.png\" alt=\"\" class=\"wp-image-2110\" style=\"width:678px;height:auto\" srcset=\"https:\/\/www.lagrandeourcq.org\/site\/wp-content\/uploads\/2025\/04\/FERMETURE-EXCEPTIONNELLE-1-1024x1024.png 1024w, https:\/\/www.lagrandeourcq.org\/site\/wp-content\/uploads\/2025\/04\/FERMETURE-EXCEPTIONNELLE-1-300x300.png 300w, https:\/\/www.lagrandeourcq.org\/site\/wp-content\/uploads\/2025\/04\/FERMETURE-EXCEPTIONNELLE-1-150x150.png 150w, https:\/\/www.lagrandeourcq.org\/site\/wp-content\/uploads\/2025\/04\/FERMETURE-EXCEPTIONNELLE-1-768x768.png 768w, https:\/\/www.lagrandeourcq.org\/site\/wp-content\/uploads\/2025\/04\/FERMETURE-EXCEPTIONNELLE-1-1536x1536.png 1536w, https:\/\/www.lagrandeourcq.org\/site\/wp-content\/uploads\/2025\/04\/FERMETURE-EXCEPTIONNELLE-1-2048x2048.png 2048w\" sizes=\"auto, (max-width: 1024px) 100vw, 1024px\" \/><figcaption class=\"wp-element-caption\">\ud83c\udf1f La Grande Ourcq fait une petite pause \ud83c\udf1f<br><br>La ressourcerie sera ferm\u00e9e du 28 avril au 13 mai \u26f1\ufe0f.<br>Entre les jours f\u00e9ri\u00e9s du 1er et du 8 mai et quelques ponts bien m\u00e9rit\u00e9s \ud83c\udf38, l&rsquo;\u00e9quipe prend un peu de repos !<br><br>\ud83d\udce6 Pas de collectes les mardi 30 avril et mardi 7 mai<br>\ud83d\udecd\ufe0f Pas de boutique les vendredi 3 mai et vendredi 10 mai<br><br>\ud83d\udc49 On se retrouve en pleine forme :<br>\ud83d\udce6 Collecte : \u27a1\ufe0f Mercredi 14 mai (11h-13h \/ 14h-19h)<br>\ud83d\udecd\ufe0f Boutique : \u27a1\ufe0f Samedi 17 mai (10h30-18h30)<br><br>Merci pour votre compr\u00e9hension \ud83d\udc9b On a h\u00e2te de vous retrouver ! \u00c0 tr\u00e8s vite \u2728<\/figcaption><\/figure><\/div>\n\n\n<hr class=\"wp-block-separator has-alpha-channel-opacity\" \/>\n\n\n<div class=\"wp-block-image\">\n<figure class=\"aligncenter size-large is-resized\"><img loading=\"lazy\" decoding=\"async\" width=\"724\" height=\"1024\" src=\"https:\/\/www.lagrandeourcq.org\/site\/wp-content\/uploads\/2025\/04\/PROGRAMMES-RESUME-724x1024.png\" alt=\"\" class=\"wp-image-2059\" style=\"width:724px;height:auto\" srcset=\"https:\/\/www.lagrandeourcq.org\/site\/wp-content\/uploads\/2025\/04\/PROGRAMMES-RESUME-724x1024.png 724w, https:\/\/www.lagrandeourcq.org\/site\/wp-content\/uploads\/2025\/04\/PROGRAMMES-RESUME-212x300.png 212w, https:\/\/www.lagrandeourcq.org\/site\/wp-content\/uploads\/2025\/04\/PROGRAMMES-RESUME-768x1086.png 768w, https:\/\/www.lagrandeourcq.org\/site\/wp-content\/uploads\/2025\/04\/PROGRAMMES-RESUME-1086x1536.png 1086w, https:\/\/www.lagrandeourcq.org\/site\/wp-content\/uploads\/2025\/04\/PROGRAMMES-RESUME.png 1414w\" sizes=\"auto, (max-width: 724px) 100vw, 724px\" \/><figcaption class=\"wp-element-caption\">\u2728Nos ateliers d&rsquo;Avril sont l\u00e0 !\u2728<br><br>Plus de d\u00e9tails ici:<br>\ud83d\udc49  <a href=\"https:\/\/www.lagrandeourcq.org\/site\/ateliers-thematiques-a-venir\/\">https:\/\/www.lagrandeourcq.org\/site\/ateliers-thematiques-a-venir\/<\/a><br>\ud83c\udf9f Les inscriptions se font en ligne l\u00e0:<br>\ud83d\udc49 <a href=\"https:\/\/www.helloasso.com\/associations\/la-grande-ourcq\">https:\/\/www.helloasso.com\/associations\/la-grande-ourcq<\/a><br><br>D\u00e9p\u00eachez-vous, les places sont limit\u00e9es !<br>On a h\u00e2te de te retrouver pour partager ces moments cr\u00e9atifs ensemble ! \u267b\ufe0f<\/figcaption><\/figure><\/div>\n\n\n<hr class=\"wp-block-separator has-alpha-channel-opacity\" \/>\n\n\n<div class=\"wp-block-image\">\n<figure class=\"aligncenter size-large is-resized\"><img loading=\"lazy\" decoding=\"async\" width=\"1024\" height=\"1024\" src=\"https:\/\/www.lagrandeourcq.org\/site\/wp-content\/uploads\/2025\/03\/1-1-1024x1024.png\" alt=\"\" class=\"wp-image-2036\" style=\"width:594px;height:auto\" srcset=\"https:\/\/www.lagrandeourcq.org\/site\/wp-content\/uploads\/2025\/03\/1-1-1024x1024.png 1024w, https:\/\/www.lagrandeourcq.org\/site\/wp-content\/uploads\/2025\/03\/1-1-300x300.png 300w, https:\/\/www.lagrandeourcq.org\/site\/wp-content\/uploads\/2025\/03\/1-1-150x150.png 150w, https:\/\/www.lagrandeourcq.org\/site\/wp-content\/uploads\/2025\/03\/1-1-768x768.png 768w, https:\/\/www.lagrandeourcq.org\/site\/wp-content\/uploads\/2025\/03\/1-1-1536x1536.png 1536w, https:\/\/www.lagrandeourcq.org\/site\/wp-content\/uploads\/2025\/03\/1-1.png 1755w\" sizes=\"auto, (max-width: 1024px) 100vw, 1024px\" \/><\/figure><\/div>\n\n\n<p class=\"has-text-align-center\">\u2728Nos ateliers de MARS sont l\u00e0 !\u2728<\/p>\n\n\n\n<p class=\"has-text-align-center\">\ud83c\udf9f Les inscriptions se font en ligne ici<br>\ud83d\udc49 <a href=\"https:\/\/www.helloasso.com\/associations\/la-grande-ourcq\">https:\/\/www.helloasso.com\/associations\/la-grande-ourcq<\/a><\/p>\n\n\n\n<p class=\"has-text-align-center\">D\u00e9p\u00eachez-vous, les places sont limit\u00e9es !<br>On a h\u00e2te de te retrouver pour partager ces moments cr\u00e9atifs ensemble ! \u267b\ufe0f<\/p>\n\n\n\n<hr class=\"wp-block-separator has-alpha-channel-opacity\" \/>\n\n\n\n<div class=\"wp-block-media-text alignwide is-stacked-on-mobile is-vertically-aligned-center is-style-default\" style=\"grid-template-columns:49% auto\"><figure class=\"wp-block-media-text__media\"><img loading=\"lazy\" decoding=\"async\" width=\"1024\" height=\"1024\" src=\"https:\/\/www.lagrandeourcq.org\/site\/wp-content\/uploads\/2025\/02\/1-1024x1024.png\" alt=\"\" class=\"wp-image-1981 size-full\" srcset=\"https:\/\/www.lagrandeourcq.org\/site\/wp-content\/uploads\/2025\/02\/1-1024x1024.png 1024w, https:\/\/www.lagrandeourcq.org\/site\/wp-content\/uploads\/2025\/02\/1-300x300.png 300w, https:\/\/www.lagrandeourcq.org\/site\/wp-content\/uploads\/2025\/02\/1-150x150.png 150w, https:\/\/www.lagrandeourcq.org\/site\/wp-content\/uploads\/2025\/02\/1-768x768.png 768w, https:\/\/www.lagrandeourcq.org\/site\/wp-content\/uploads\/2025\/02\/1-1536x1536.png 1536w, https:\/\/www.lagrandeourcq.org\/site\/wp-content\/uploads\/2025\/02\/1-2048x2048.png 2048w\" sizes=\"auto, (max-width: 1024px) 100vw, 1024px\" \/><\/figure><div class=\"wp-block-media-text__content\">\n<p><\/p>\n\n\n\n<p>Nos ateliers de f\u00e9vrier sont l\u00e0 !<\/p>\n\n\n\n<p>La Fabricoth\u00e8que rouvre ses portes et on d\u00e9marre en beaut\u00e9 avec des ateliers cr\u00e9atifs pour tous les go\u00fbts.<br>Menuiserie, couture, crochet\u2026 il y en a pour tout le monde !&nbsp;<\/p>\n\n\n\n<p>&nbsp;Au programme :<\/p>\n\n\n\n<p>&nbsp;Mardi 18 (18h30-20h30) \u2013 Menuiserie: Fabrique ton caisson de rangement (\u00e0 partir de 10 \u20ac + adh\u00e9sion)<\/p>\n\n\n\n<p>&nbsp;Samedi 22 (10h30-12h) \u2013 Crochet&nbsp;: Initiation au Granny Square (\u00e0 partir de 5 \u20ac + adh\u00e9sion)<\/p>\n\n\n\n<p>&nbsp;Mardi 25 (18h30-20h30) \u2013 Couture: R\u00e9alise ton chouchou et son pochon (\u00e0 partir de 5 \u20ac + adh\u00e9sion)<\/p>\n\n\n\n<p>&nbsp;Les inscriptions se font en ligne ici<\/p>\n\n\n\n<p><a href=\"https:\/\/www.helloasso.com\/associations\/la-grande-ourcq\">https:\/\/www.helloasso.com\/associations\/la-grande-ourcq<\/a><\/p>\n\n\n\n<p>D\u00e9p\u00eachez-vous, les places sont limit\u00e9es !<br>On a h\u00e2te de te retrouver pour partager ces moments cr\u00e9atifs ensemble !&nbsp;<\/p>\n\n\n\n<p><\/p>\n<\/div><\/div>\n\n\n\n<hr class=\"wp-block-separator has-alpha-channel-opacity\" \/>\n\n\n<div class=\"wp-block-image\">\n<figure class=\"aligncenter size-large is-resized\"><img loading=\"lazy\" decoding=\"async\" width=\"1024\" height=\"1024\" src=\"https:\/\/www.lagrandeourcq.org\/site\/wp-content\/uploads\/2025\/01\/REOUVERTURE-de-la-collecte-1024x1024.jpg\" alt=\"\" class=\"wp-image-1971\" style=\"width:1024px;height:auto\" srcset=\"https:\/\/www.lagrandeourcq.org\/site\/wp-content\/uploads\/2025\/01\/REOUVERTURE-de-la-collecte-1024x1024.jpg 1024w, https:\/\/www.lagrandeourcq.org\/site\/wp-content\/uploads\/2025\/01\/REOUVERTURE-de-la-collecte-300x300.jpg 300w, https:\/\/www.lagrandeourcq.org\/site\/wp-content\/uploads\/2025\/01\/REOUVERTURE-de-la-collecte-150x150.jpg 150w, https:\/\/www.lagrandeourcq.org\/site\/wp-content\/uploads\/2025\/01\/REOUVERTURE-de-la-collecte-768x768.jpg 768w, https:\/\/www.lagrandeourcq.org\/site\/wp-content\/uploads\/2025\/01\/REOUVERTURE-de-la-collecte-1536x1536.jpg 1536w, https:\/\/www.lagrandeourcq.org\/site\/wp-content\/uploads\/2025\/01\/REOUVERTURE-de-la-collecte-2048x2048.jpg 2048w\" sizes=\"auto, (max-width: 1024px) 100vw, 1024px\" \/><figcaption class=\"wp-element-caption\"><img loading=\"lazy\" decoding=\"async\" height=\"16\" width=\"16\" src=\"https:\/\/static.xx.fbcdn.net\/images\/emoji.php\/v9\/t75\/2\/16\/2728.png\" alt=\"\u2728\"> RAPPEL IMPORTANT ! <img loading=\"lazy\" decoding=\"async\" height=\"16\" width=\"16\" src=\"https:\/\/static.xx.fbcdn.net\/images\/emoji.php\/v9\/t75\/2\/16\/2728.png\" alt=\"\u2728\"> <br>La Grande Ourcq a chang\u00e9 ses horaires de boutique !<br><br><img loading=\"lazy\" decoding=\"async\" height=\"16\" width=\"16\" src=\"https:\/\/static.xx.fbcdn.net\/images\/emoji.php\/v9\/t1d\/2\/16\/1f4c5.png\" alt=\"\ud83d\udcc5\"> D\u00e9sormais, la boutique aura lieu seulement le samedi (et plus le vendredi).<br><img loading=\"lazy\" decoding=\"async\" height=\"16\" width=\"16\" src=\"https:\/\/static.xx.fbcdn.net\/images\/emoji.php\/v9\/tf8\/2\/16\/1f55a.png\" alt=\"\ud83d\udd5a\"> Horaires : 10h30 \u00e0 18h30<br><img loading=\"lazy\" decoding=\"async\" height=\"16\" width=\"16\" src=\"https:\/\/static.xx.fbcdn.net\/images\/emoji.php\/v9\/tcc\/2\/16\/1f4cd.png\" alt=\"\ud83d\udccd\"> Adresse : 180 avenue Gaston Roussel, 93230 Romainville.<br><br><img loading=\"lazy\" decoding=\"async\" height=\"16\" width=\"16\" src=\"https:\/\/static.xx.fbcdn.net\/images\/emoji.php\/v9\/t7f\/2\/16\/1f31f.png\" alt=\"\ud83c\udf1f\"> On se retrouve demain, avec des SURPRISES \u00e0 prix mini:<br><img loading=\"lazy\" decoding=\"async\" height=\"16\" width=\"16\" src=\"https:\/\/static.xx.fbcdn.net\/images\/emoji.php\/v9\/t92\/2\/16\/1f539.png\" alt=\"\ud83d\udd39\">-50% sur le textile (v\u00eatements, sacs, chaussures,&#8230;)<br><img loading=\"lazy\" decoding=\"async\" height=\"16\" width=\"16\" src=\"https:\/\/static.xx.fbcdn.net\/images\/emoji.php\/v9\/t92\/2\/16\/1f539.png\" alt=\"\ud83d\udd39\">-30% sur les p\u00e9pites (v\u00eatements, sacs, chaussures,&#8230;)<br><img loading=\"lazy\" decoding=\"async\" height=\"16\" width=\"16\" src=\"https:\/\/static.xx.fbcdn.net\/images\/emoji.php\/v9\/t92\/2\/16\/1f539.png\" alt=\"\ud83d\udd39\">-30% sur l&rsquo;\u00e9lectrom\u00e9nager et l&rsquo;\u00e9lectronique<br><br>\u00c0 demain <img loading=\"lazy\" decoding=\"async\" height=\"16\" width=\"16\" src=\"https:\/\/static.xx.fbcdn.net\/images\/emoji.php\/v9\/t99\/2\/16\/1f44b.png\" alt=\"\ud83d\udc4b\"><\/figcaption><\/figure><\/div>\n\n\n<hr class=\"wp-block-separator has-alpha-channel-opacity\" \/>\n\n\n<div class=\"wp-block-image\">\n<figure class=\"aligncenter size-large is-resized\"><img loading=\"lazy\" decoding=\"async\" width=\"1024\" height=\"1024\" src=\"https:\/\/www.lagrandeourcq.org\/site\/wp-content\/uploads\/2025\/01\/reouverture-0102-1024x1024.jpg\" alt=\"\" class=\"wp-image-1969\" style=\"width:678px;height:auto\" srcset=\"https:\/\/www.lagrandeourcq.org\/site\/wp-content\/uploads\/2025\/01\/reouverture-0102-1024x1024.jpg 1024w, https:\/\/www.lagrandeourcq.org\/site\/wp-content\/uploads\/2025\/01\/reouverture-0102-300x300.jpg 300w, https:\/\/www.lagrandeourcq.org\/site\/wp-content\/uploads\/2025\/01\/reouverture-0102-150x150.jpg 150w, https:\/\/www.lagrandeourcq.org\/site\/wp-content\/uploads\/2025\/01\/reouverture-0102-768x768.jpg 768w, https:\/\/www.lagrandeourcq.org\/site\/wp-content\/uploads\/2025\/01\/reouverture-0102.jpg 1080w\" sizes=\"auto, (max-width: 1024px) 100vw, 1024px\" \/><figcaption class=\"wp-element-caption\">\ud83d\udce2 Rappel important : La boutique est ferm\u00e9e cette semaine \ud83d\uded1. Mais pas de panique, on revient tr\u00e8s vite\u202f! \ud83d\udc3b<br><br>\ud83d\udcc5 R\u00e9ouverture : samedi 1er f\u00e9vrier \ud83c\udf89<br>Et attention, petit changement d\u2019horaires \u00e0 noter \ud83d\udd52 :<br>\ud83d\udc49 Nouveaux horaires : samedi de 10h30 \u00e0 18h30<br>\u274c Plus d\u2019ouverture le vendredi.<br><br>\ud83d\udccd Retrouvez-nous au 180 av. Gaston Roussel, Romainville<br><br>On a h\u00e2te de vous retrouver pour partager plein de belles trouvailles \ud83d\udc9b ! \u00c0 tr\u00e8s vite \ud83e\udd73<\/figcaption><\/figure><\/div>\n\n\n<hr class=\"wp-block-separator has-alpha-channel-opacity\" \/>\n\n\n\n<div class=\"wp-block-columns is-layout-flex wp-container-core-columns-is-layout-3 wp-block-columns-is-layout-flex\">\n<div class=\"wp-block-column is-layout-flow wp-block-column-is-layout-flow\" style=\"flex-basis:100%\">\n<div class=\"wp-block-group\"><div class=\"wp-block-group__inner-container is-layout-constrained wp-block-group-is-layout-constrained\"><div class=\"wp-block-image\">\n<figure class=\"aligncenter size-large is-resized\"><img loading=\"lazy\" decoding=\"async\" width=\"1024\" height=\"1024\" src=\"https:\/\/www.lagrandeourcq.org\/site\/wp-content\/uploads\/2025\/01\/REOUVERTURE-de-la-collecte-1024x1024.png\" alt=\"\" class=\"wp-image-1963\" style=\"width:669px;height:auto\" srcset=\"https:\/\/www.lagrandeourcq.org\/site\/wp-content\/uploads\/2025\/01\/REOUVERTURE-de-la-collecte-1024x1024.png 1024w, https:\/\/www.lagrandeourcq.org\/site\/wp-content\/uploads\/2025\/01\/REOUVERTURE-de-la-collecte-300x300.png 300w, https:\/\/www.lagrandeourcq.org\/site\/wp-content\/uploads\/2025\/01\/REOUVERTURE-de-la-collecte-150x150.png 150w, https:\/\/www.lagrandeourcq.org\/site\/wp-content\/uploads\/2025\/01\/REOUVERTURE-de-la-collecte-768x768.png 768w, https:\/\/www.lagrandeourcq.org\/site\/wp-content\/uploads\/2025\/01\/REOUVERTURE-de-la-collecte.png 1080w\" sizes=\"auto, (max-width: 1024px) 100vw, 1024px\" \/><figcaption class=\"wp-element-caption\"><strong>\u2728 RAPPEL IMPORTANT ! \u2728<br><\/strong>La Grande Ourcq a chang\u00e9 ses horaires de collecte !<br><br>\ud83d\udcc5 D\u00e9sormais, la collecte aura lieu le <strong>mercredi<\/strong> (et non plus le mardi).<br>\ud83d\udd5a Horaires :<br><br>Matin : 11h \u00e0 13h<br>Apr\u00e8s-midi : 14h \u00e0 19h<br><br>\ud83c\udf1f On se retrouve demain, mercredi 22 janvier, pour votre d\u00e9p\u00f4t d\u2019objets ! \ud83c\udf1f<br>N\u2019h\u00e9sitez pas \u00e0 partager cette info autour de vous ! \u267b\ufe0f\ud83d\udc9a<br><br>\u00c0 tr\u00e8s vite,<br>L\u2019\u00e9quipe de La Grande Ourcq<\/figcaption><\/figure><\/div><\/div><\/div>\n<\/div>\n<\/div>\n\n\n\n<hr class=\"wp-block-separator has-alpha-channel-opacity\" \/>\n\n\n\n<div class=\"wp-block-columns is-layout-flex wp-container-core-columns-is-layout-4 wp-block-columns-is-layout-flex\">\n<div class=\"wp-block-column is-layout-flow wp-block-column-is-layout-flow\" style=\"flex-basis:100%\">\n<figure class=\"wp-block-gallery has-nested-images columns-default is-cropped wp-block-gallery-3 is-layout-flex wp-block-gallery-is-layout-flex\">\n<figure class=\"wp-block-image size-large\"><img loading=\"lazy\" decoding=\"async\" width=\"1024\" height=\"1024\" src=\"https:\/\/www.lagrandeourcq.org\/site\/wp-content\/uploads\/2025\/01\/1-2-1024x1024.jpg\" alt=\"\" class=\"wp-image-1948\" srcset=\"https:\/\/www.lagrandeourcq.org\/site\/wp-content\/uploads\/2025\/01\/1-2-1024x1024.jpg 1024w, https:\/\/www.lagrandeourcq.org\/site\/wp-content\/uploads\/2025\/01\/1-2-300x300.jpg 300w, https:\/\/www.lagrandeourcq.org\/site\/wp-content\/uploads\/2025\/01\/1-2-150x150.jpg 150w, https:\/\/www.lagrandeourcq.org\/site\/wp-content\/uploads\/2025\/01\/1-2-768x768.jpg 768w, https:\/\/www.lagrandeourcq.org\/site\/wp-content\/uploads\/2025\/01\/1-2.jpg 1080w\" sizes=\"auto, (max-width: 1024px) 100vw, 1024px\" \/><\/figure>\n\n\n\n<figure class=\"wp-block-image size-large\"><img loading=\"lazy\" decoding=\"async\" width=\"1024\" height=\"1024\" src=\"https:\/\/www.lagrandeourcq.org\/site\/wp-content\/uploads\/2025\/01\/2-1-1024x1024.jpg\" alt=\"\" class=\"wp-image-1944\" srcset=\"https:\/\/www.lagrandeourcq.org\/site\/wp-content\/uploads\/2025\/01\/2-1-1024x1024.jpg 1024w, https:\/\/www.lagrandeourcq.org\/site\/wp-content\/uploads\/2025\/01\/2-1-300x300.jpg 300w, https:\/\/www.lagrandeourcq.org\/site\/wp-content\/uploads\/2025\/01\/2-1-150x150.jpg 150w, https:\/\/www.lagrandeourcq.org\/site\/wp-content\/uploads\/2025\/01\/2-1-768x768.jpg 768w, https:\/\/www.lagrandeourcq.org\/site\/wp-content\/uploads\/2025\/01\/2-1.jpg 1080w\" sizes=\"auto, (max-width: 1024px) 100vw, 1024px\" \/><\/figure>\n\n\n\n<figure class=\"wp-block-image size-large\"><img loading=\"lazy\" decoding=\"async\" width=\"1024\" height=\"1024\" src=\"https:\/\/www.lagrandeourcq.org\/site\/wp-content\/uploads\/2025\/01\/3-1-1024x1024.jpg\" alt=\"\" class=\"wp-image-1951\" srcset=\"https:\/\/www.lagrandeourcq.org\/site\/wp-content\/uploads\/2025\/01\/3-1-1024x1024.jpg 1024w, https:\/\/www.lagrandeourcq.org\/site\/wp-content\/uploads\/2025\/01\/3-1-300x300.jpg 300w, https:\/\/www.lagrandeourcq.org\/site\/wp-content\/uploads\/2025\/01\/3-1-150x150.jpg 150w, https:\/\/www.lagrandeourcq.org\/site\/wp-content\/uploads\/2025\/01\/3-1-768x768.jpg 768w, https:\/\/www.lagrandeourcq.org\/site\/wp-content\/uploads\/2025\/01\/3-1.jpg 1080w\" sizes=\"auto, (max-width: 1024px) 100vw, 1024px\" \/><\/figure>\n\n\n\n<figure class=\"wp-block-image size-large\"><img loading=\"lazy\" decoding=\"async\" width=\"1024\" height=\"1024\" src=\"https:\/\/www.lagrandeourcq.org\/site\/wp-content\/uploads\/2025\/01\/4-1-1024x1024.jpg\" alt=\"\" class=\"wp-image-1949\" srcset=\"https:\/\/www.lagrandeourcq.org\/site\/wp-content\/uploads\/2025\/01\/4-1-1024x1024.jpg 1024w, https:\/\/www.lagrandeourcq.org\/site\/wp-content\/uploads\/2025\/01\/4-1-300x300.jpg 300w, https:\/\/www.lagrandeourcq.org\/site\/wp-content\/uploads\/2025\/01\/4-1-150x150.jpg 150w, https:\/\/www.lagrandeourcq.org\/site\/wp-content\/uploads\/2025\/01\/4-1-768x768.jpg 768w, https:\/\/www.lagrandeourcq.org\/site\/wp-content\/uploads\/2025\/01\/4-1.jpg 1080w\" sizes=\"auto, (max-width: 1024px) 100vw, 1024px\" \/><\/figure>\n\n\n\n<figure class=\"wp-block-image size-large\"><img loading=\"lazy\" decoding=\"async\" width=\"1024\" height=\"1024\" src=\"https:\/\/www.lagrandeourcq.org\/site\/wp-content\/uploads\/2025\/01\/5-1-1024x1024.jpg\" alt=\"\" class=\"wp-image-1947\" srcset=\"https:\/\/www.lagrandeourcq.org\/site\/wp-content\/uploads\/2025\/01\/5-1-1024x1024.jpg 1024w, https:\/\/www.lagrandeourcq.org\/site\/wp-content\/uploads\/2025\/01\/5-1-300x300.jpg 300w, https:\/\/www.lagrandeourcq.org\/site\/wp-content\/uploads\/2025\/01\/5-1-150x150.jpg 150w, https:\/\/www.lagrandeourcq.org\/site\/wp-content\/uploads\/2025\/01\/5-1-768x768.jpg 768w, https:\/\/www.lagrandeourcq.org\/site\/wp-content\/uploads\/2025\/01\/5-1.jpg 1080w\" sizes=\"auto, (max-width: 1024px) 100vw, 1024px\" \/><\/figure>\n\n\n\n<figure class=\"wp-block-image size-large\"><img loading=\"lazy\" decoding=\"async\" width=\"1024\" height=\"1024\" src=\"https:\/\/www.lagrandeourcq.org\/site\/wp-content\/uploads\/2025\/01\/6-1-1024x1024.jpg\" alt=\"\" class=\"wp-image-1946\" srcset=\"https:\/\/www.lagrandeourcq.org\/site\/wp-content\/uploads\/2025\/01\/6-1-1024x1024.jpg 1024w, https:\/\/www.lagrandeourcq.org\/site\/wp-content\/uploads\/2025\/01\/6-1-300x300.jpg 300w, https:\/\/www.lagrandeourcq.org\/site\/wp-content\/uploads\/2025\/01\/6-1-150x150.jpg 150w, https:\/\/www.lagrandeourcq.org\/site\/wp-content\/uploads\/2025\/01\/6-1-768x768.jpg 768w, https:\/\/www.lagrandeourcq.org\/site\/wp-content\/uploads\/2025\/01\/6-1.jpg 1080w\" sizes=\"auto, (max-width: 1024px) 100vw, 1024px\" \/><\/figure>\n\n\n\n<figure class=\"wp-block-image size-large\"><img loading=\"lazy\" decoding=\"async\" width=\"1024\" height=\"1024\" src=\"https:\/\/www.lagrandeourcq.org\/site\/wp-content\/uploads\/2025\/01\/7-1-1024x1024.jpg\" alt=\"\" class=\"wp-image-1950\" srcset=\"https:\/\/www.lagrandeourcq.org\/site\/wp-content\/uploads\/2025\/01\/7-1-1024x1024.jpg 1024w, https:\/\/www.lagrandeourcq.org\/site\/wp-content\/uploads\/2025\/01\/7-1-300x300.jpg 300w, https:\/\/www.lagrandeourcq.org\/site\/wp-content\/uploads\/2025\/01\/7-1-150x150.jpg 150w, https:\/\/www.lagrandeourcq.org\/site\/wp-content\/uploads\/2025\/01\/7-1-768x768.jpg 768w, https:\/\/www.lagrandeourcq.org\/site\/wp-content\/uploads\/2025\/01\/7-1.jpg 1080w\" sizes=\"auto, (max-width: 1024px) 100vw, 1024px\" \/><\/figure>\n\n\n\n<figure class=\"wp-block-image size-large\"><img loading=\"lazy\" decoding=\"async\" width=\"1024\" height=\"1024\" src=\"https:\/\/www.lagrandeourcq.org\/site\/wp-content\/uploads\/2025\/01\/8-1-1024x1024.jpg\" alt=\"\" class=\"wp-image-1945\" srcset=\"https:\/\/www.lagrandeourcq.org\/site\/wp-content\/uploads\/2025\/01\/8-1-1024x1024.jpg 1024w, https:\/\/www.lagrandeourcq.org\/site\/wp-content\/uploads\/2025\/01\/8-1-300x300.jpg 300w, https:\/\/www.lagrandeourcq.org\/site\/wp-content\/uploads\/2025\/01\/8-1-150x150.jpg 150w, https:\/\/www.lagrandeourcq.org\/site\/wp-content\/uploads\/2025\/01\/8-1-768x768.jpg 768w, https:\/\/www.lagrandeourcq.org\/site\/wp-content\/uploads\/2025\/01\/8-1.jpg 1080w\" sizes=\"auto, (max-width: 1024px) 100vw, 1024px\" \/><\/figure>\n<\/figure>\n<\/div>\n<\/div>\n\n\n\n<p class=\"has-text-align-center\">\ud83d\udea8 Comme chaque ann\u00e9e, La Grande Ourcq ferme temporairement ses portes jusqu&rsquo;au 22 janvier, afin de faire quelques changements&#8230; \u26c4<\/p>\n\n\n\n<p class=\"has-text-align-center\">Cette pause nous permettra d&rsquo;apporter des am\u00e9liorations \u00e0 la structure pour mieux r\u00e9pondre \u00e0 vos attentes, et d&rsquo;int\u00e9grer de nouveaux membres dans notre \u00e9quipe.\ud83c\udf89<\/p>\n\n\n\n<p class=\"has-text-align-center\">\u2705 Nouveaut\u00e9s pour la collecte:<br>\ud83d\udcc5 R\u00e9ouverture le 22 janvier<br>\u2757 Nouveau jour : \u26a0\ufe0f Le Mercredi \u26a0\ufe0f<br>\u23f0 Horaires: 11h \u00e0 13h \/ 14h \u00e0 19h<br>Ce changement vise \u00e0 r\u00e9pondre \u00e0 vos attentes et vous offrir un meilleur service.<\/p>\n\n\n\n<p class=\"has-text-align-center\">\u2705 Nouveaut\u00e9s pour la Boutique:<br>\ud83d\udcc5 R\u00e9ouverture&nbsp;le 1er f\u00e9vrier<br>\u2757Nouveau jour : \u26a0\ufe0f Le Samedi \u26a0\ufe0f<br>\u23f0 Nouveaux horaires: 10h30 &#8211; 18h30<\/p>\n\n\n\n<p class=\"has-text-align-center\">Nous sommes impatients de vous accueillir prochainement avec de nouvelles trouvailles ! \ud83c\udf81\ud83d\ude4f<\/p>\n\n\n\n<p class=\"has-text-align-center\">Merci pour votre fid\u00e9lit\u00e9 et votre soutien. On a h\u00e2te de vous retrouver ! \ud83e\udd17\u2764\ufe0f<\/p>\n\n\n\n<hr class=\"wp-block-separator has-alpha-channel-opacity\" \/>\n\n\n<div class=\"wp-block-image is-resized\">\n<figure class=\"aligncenter size-large\"><img loading=\"lazy\" decoding=\"async\" width=\"1024\" height=\"1024\" src=\"https:\/\/www.lagrandeourcq.org\/site\/wp-content\/uploads\/2024\/11\/visuel_Insta_FB_La_Cabane-1024x1024.png\" alt=\"\" class=\"wp-image-1889\" style=\"width:724px;height:auto\" srcset=\"https:\/\/www.lagrandeourcq.org\/site\/wp-content\/uploads\/2024\/11\/visuel_Insta_FB_La_Cabane-1024x1024.png 1024w, https:\/\/www.lagrandeourcq.org\/site\/wp-content\/uploads\/2024\/11\/visuel_Insta_FB_La_Cabane-300x300.png 300w, https:\/\/www.lagrandeourcq.org\/site\/wp-content\/uploads\/2024\/11\/visuel_Insta_FB_La_Cabane-150x150.png 150w, https:\/\/www.lagrandeourcq.org\/site\/wp-content\/uploads\/2024\/11\/visuel_Insta_FB_La_Cabane-768x768.png 768w, https:\/\/www.lagrandeourcq.org\/site\/wp-content\/uploads\/2024\/11\/visuel_Insta_FB_La_Cabane.png 1080w\" sizes=\"auto, (max-width: 1024px) 100vw, 1024px\" \/><\/figure><\/div>\n\n<div class=\"wp-block-image\">\n<figure class=\"aligncenter size-large\"><img loading=\"lazy\" decoding=\"async\" width=\"724\" height=\"1024\" src=\"https:\/\/www.lagrandeourcq.org\/site\/wp-content\/uploads\/2024\/11\/HD_BMilon_Ressourcerie_AfficheFinale1-724x1024.jpg\" alt=\"\" class=\"wp-image-1890\" srcset=\"https:\/\/www.lagrandeourcq.org\/site\/wp-content\/uploads\/2024\/11\/HD_BMilon_Ressourcerie_AfficheFinale1-724x1024.jpg 724w, https:\/\/www.lagrandeourcq.org\/site\/wp-content\/uploads\/2024\/11\/HD_BMilon_Ressourcerie_AfficheFinale1-212x300.jpg 212w, https:\/\/www.lagrandeourcq.org\/site\/wp-content\/uploads\/2024\/11\/HD_BMilon_Ressourcerie_AfficheFinale1-768x1086.jpg 768w, https:\/\/www.lagrandeourcq.org\/site\/wp-content\/uploads\/2024\/11\/HD_BMilon_Ressourcerie_AfficheFinale1-1086x1536.jpg 1086w, https:\/\/www.lagrandeourcq.org\/site\/wp-content\/uploads\/2024\/11\/HD_BMilon_Ressourcerie_AfficheFinale1-1448x2048.jpg 1448w, https:\/\/www.lagrandeourcq.org\/site\/wp-content\/uploads\/2024\/11\/HD_BMilon_Ressourcerie_AfficheFinale1-scaled.jpg 1810w\" sizes=\"auto, (max-width: 724px) 100vw, 724px\" \/><\/figure><\/div>\n\n\n<p><\/p>\n","protected":false},"excerpt":{"rendered":"<p>Pr\u00eats pour la chasse aux tr\u00e9sors ? La grande vente aux ench\u00e8res du 12 avril approche \u00e0 grands pas!Gr\u00e2ce \u00e0 la mobilisation de 14 structures et au travail d&rsquo;expertise d&rsquo;Oxio, ce ne sont pas moins de 140 p\u00e9pites qui n&rsquo;attendent que vous. \ud83d\udcd6 Le catalogue est officiellement en ligne! Parcourez-le d\u00e8s maintenant pour rep\u00e9rer vos&hellip;&nbsp;<a href=\"https:\/\/www.lagrandeourcq.org\/site\/actualites\/\" rel=\"bookmark\">Lire la suite &raquo;<span class=\"screen-reader-text\">Actualit\u00e9s<\/span><\/a><\/p>\n","protected":false},"author":2,"featured_media":0,"parent":0,"menu_order":0,"comment_status":"closed","ping_status":"closed","template":"page-templates\/template-pagebuilder-full-width.php","meta":{"neve_meta_sidebar":"","neve_meta_container":"","neve_meta_enable_content_width":"off","neve_meta_content_width":0,"neve_meta_title_alignment":"","neve_meta_author_avatar":"","neve_post_elements_order":"","neve_meta_disable_header":"","neve_meta_disable_footer":"","neve_meta_disable_title":"","footnotes":""},"class_list":["post-34","page","type-page","status-publish","hentry"],"_links":{"self":[{"href":"https:\/\/www.lagrandeourcq.org\/site\/wp-json\/wp\/v2\/pages\/34","targetHints":{"allow":["GET"]}}],"collection":[{"href":"https:\/\/www.lagrandeourcq.org\/site\/wp-json\/wp\/v2\/pages"}],"about":[{"href":"https:\/\/www.lagrandeourcq.org\/site\/wp-json\/wp\/v2\/types\/page"}],"author":[{"embeddable":true,"href":"https:\/\/www.lagrandeourcq.org\/site\/wp-json\/wp\/v2\/users\/2"}],"replies":[{"embeddable":true,"href":"https:\/\/www.lagrandeourcq.org\/site\/wp-json\/wp\/v2\/comments?post=34"}],"version-history":[{"count":81,"href":"https:\/\/www.lagrandeourcq.org\/site\/wp-json\/wp\/v2\/pages\/34\/revisions"}],"predecessor-version":[{"id":2408,"href":"https:\/\/www.lagrandeourcq.org\/site\/wp-json\/wp\/v2\/pages\/34\/revisions\/2408"}],"wp:attachment":[{"href":"https:\/\/www.lagrandeourcq.org\/site\/wp-json\/wp\/v2\/media?parent=34"}],"curies":[{"name":"wp","href":"https:\/\/api.w.org\/{rel}","templated":true}]}}